{"id":781,"date":"2018-05-04T11:30:51","date_gmt":"2018-05-04T11:30:51","guid":{"rendered":"http:\/\/www.ag-kasuistik.uni-kassel.de\/?page_id=781"},"modified":"2024-04-12T16:13:03","modified_gmt":"2024-04-12T15:13:03","slug":"agk-tagung-27-28-09-2018-bochum","status":"publish","type":"page","link":"https:\/\/www.ag-kasuistik.de\/?page_id=781","title":{"rendered":"9. AGK- Tagung 27.-28.09.2018 Bochum"},"content":{"rendered":"<p>Die 9. Tagung der <i>Arbeitsgemeinschaft Kasuistik in der Lehrer_innenbildung\u00a0<\/i>findet vom 27.-28.09.2018\u00a0an der Ruhr-Universit\u00e4t Bochum statt.<br \/>\n<b>Schule als Fall \u2212 Rekonstruktionen schulischer Wirklichkeit<\/b><\/p>\n<p>In den vergangenen Jahren gewannen kasuistische Zug\u00e4nge insbesondere auch im Feld der Lehrer_innenbildung an Bedeutung (Pieper 2014, Hebenstreit et al. 2016). Im Zentrum der konzeptionellen, methodologischen und j\u00fcngst auch zunehmend empirischen Auseinandersetzung mit fallbasierten Formaten stehen in aller Regel F\u00e4lle unterrichtlicher oder im engeren Sinne p\u00e4dagogischer Interaktionen.<br \/>\nWenn so mit dem <i>p\u00e4dagogischen Handeln <\/i>etwas zum Fall gemacht wird, \u201ewas dem beruflichen Handeln u. U. gar nicht als Fall gegeben war\u201c (Wernet 2006, S. 115), gewinnen kasuistische Formate insbesondere aus der Fallbezogenheit der p\u00e4dagogischen Praxis selbst und damit aus einer (vermeintlichen) N\u00e4he zu einer analytisch handlungsentlasteten und handlungspraktischen Perspektivierung dennoch ihre Plausibilit\u00e4t. Aus dieser Praxisbezogenheit aber auch aus der f\u00fcr kasuistische Zug\u00e4nge charakteristischen mikrologischen Perspektivierung schulischer Wirklichkeit ergibt sich die Tendenz einer Abblendung der institutionellen, organisationalen und diskursiven Rahmung der p\u00e4dagogischen Praxis, zumindest soweit dem Fall nicht eher eine illustrative Funktion zukommt.<br \/>\nHier nimmt die Tagung ihren Ausgangspunkt, indem der institutionelle und organisationale Charakter des Schulischen und der Schule zum Fall gemacht werden soll. Ausgelotet werden sollen damit Potenziale und Grenzen kasuistischer Zug\u00e4nge f\u00fcr ein Gegenstandsfeld jenseits des Unterrichts. Verstanden als eine Erweiterung der Kasuistik soll der Tatsache Rechnung getragen werden, dass Schule weit mehr als Unterricht ist. Dies zeigt sich auch in der Ausdifferenzierung der Organisation, in deren Folge der Lehrer_innenberuf zunehmend mehr als das Kerngesch\u00e4ft des Unterrichtens umfasst bzw. sich Unterricht nicht allein aus der Binnenlogik des interaktiven Geschehens heraus verstehen l\u00e4sst. Im komplement\u00e4ren Sinne richtet sich der Fokus damit etwa auf die diskursive Erzeugung imagin\u00e4rer Entw\u00fcrfe von Schule und Unterricht (und die in diese eingeschriebenen Entw\u00fcrfe p\u00e4dagogischer Professionalit\u00e4t) sowie die Relationierungen dieser Dimensionen in Hinblick auf die organisationale Ausformung von Schule. Eine solche Kasuistik, die \u201eSchule\u201c zum Fall macht, kann sich auf ein breites Spektrum m\u00f6glicher Protokolle richten, die beispielsweise Praktiken aus den folgenden Feldern in den Blick nehmen:<\/p>\n<ul>\n<li>Schulentwicklungsprozesse, z. B. Steuergruppentreffen, Fachgruppensitzungen, Fachkonferenzen, Lehrer_innenfort- und -weiterbildungen<\/li>\n<li>Formate der (multiprofessionellen) Kooperation, z. B. Teamgespr\u00e4che, Arbeitskreise<\/li>\n<li>Beratungsgespr\u00e4che, Supervision, Elternabende, Elternsprechtage<\/li>\n<li>Kontakte zwischen Schulaufsicht\/Administration und schulischen Akteuren, z.B. Zielvereinbarungen und Zielvereinbarungsgespr\u00e4che, Schulinspektionsbesuche<\/li>\n<li>Adressierungen von Lehrer_innen durch Brosch\u00fcren, Flyer, Informationsmaterialien, Verordnungen, Fachcurricula etc.<\/li>\n<li>Bezugnahmen auf Schulwettbewerbe<\/li>\n<li>Angebote au\u00dferschulischer Bildungstr\u00e4ger im Kontext des schulischen Ganztages und unterrichtserg\u00e4nzenden Angebote (z.B. DaZ\/DaF)<\/li>\n<li>Kooperation zwischen Schulen und Universit\u00e4ten im Kontext von Praxisphasen in der Lehrer_innenausbildung (z.B. Praxissemester)<\/li>\n<li>Kooperationen mit au\u00dferschulischen Lernorten und Bildungsanbietern<\/li>\n<li>Protokolle kasuistisch ausgerichteter universit\u00e4rer Lehre zur Arbeit an und mit F\u00e4llen zu<br \/>\nden o.g. Themenfeldern und Gegenst\u00e4nden<\/li>\n<\/ul>\n<p>Anhand der Rekonstruktion entsprechender Protokolle sowie anhand der Arbeit mit entsprechenden Materialien und Protokollen in der universit\u00e4ren Lehrer_innenbildung sollen u.a. die folgenden Fragestellungen diskutiert werden:<\/p>\n<ul>\n<li>Welche spezifischen Herausforderungen, Probleme, Chancen und Potenziale impliziert ein solches Arbeiten in hochschuldidaktischer Sicht und wie kann es in der Lehrer_innenausbildung verortet werden?<\/li>\n<li>Inwiefern ist es m\u00f6glich, anhand konkreter Protokolle schulischer Wirklichkeit so die in aller<br \/>\nRegel eher makrologisch diskutierten schultheoretisch zentralen Fragen nach dem Verh\u00e4ltnis zwischen schulischer Eigenlogik und gesellschaftlicher (administrativer\/b\u00fcrokratischer\/politischer) Determination empirisch-mikrologisch zu wenden?<\/li>\n<li>Inwieweit k\u00f6nnen entsprechende Materialien genutzt werden, um das Verh\u00e4ltnis von Profession(alit\u00e4t) und Organisation empirisch-rekonstruktiv in den Blick zu nehmen und f\u00fcr die kasuistisch ausgerichtete universit\u00e4re Lehrer_innenbildung fruchtbar zu machen<\/li>\n<li>Inwieweit k\u00f6nnen kasuistische Ans\u00e4tze f\u00fcr das beschriebene Gegenstandsfeld u.a. im Bereich der Fachdidaktik fruchtbar gemacht werden?<\/li>\n<\/ul>\n<p>Das Tagungsthema hat demnach auch einen explizit explorativen Charakter und soll dazu einladen, geeignete Materialien zu generieren bzw. nach diesen Ausschau zu halten. Wir laden diesbez\u00fcglich insbesondere auch Kolleginnen und Kollegen aus den Fachdidaktiken zur Einreichung von Beitr\u00e4gen ein.<\/p>\n<p><strong>Das Programm finden Sie <a href=\"https:\/\/www.ag-kasuistik.de\/wp-content\/uploads\/2023\/11\/Programm-AG-Kasuistik-in-der-Lehrer_innenbildung_Bochum-2018_NK.pdf\">hier<\/a>. <\/strong><\/p>\n","protected":false},"excerpt":{"rendered":"<p>Die 9. Tagung der Arbeitsgemeinschaft Kasuistik in der Lehrer_innenbildung\u00a0findet vom 27.-28.09.2018\u00a0an der Ruhr-Universit\u00e4t Bochum statt. Schule als Fall \u2212 Rekonstruktionen schulischer Wirklichkeit In den vergangenen Jahren gewannen kasuistische Zug\u00e4nge insbesondere auch im Feld der Lehrer_innenbildung an Bedeutung (Pieper 2014, Hebenstreit et al. 2016). Im Zentrum der konzeptionellen, methodologischen und j\u00fcngst auch zunehmend empirischen Auseinandersetzung mit [&hellip;]<\/p>\n","protected":false},"author":4,"featured_media":0,"parent":0,"menu_order":0,"comment_status":"closed","ping_status":"closed","template":"","meta":{"footnotes":""},"yoast_head":"<!-- This site is optimized with the Yoast SEO plugin v21.5 - https:\/\/yoast.com\/wordpress\/plugins\/seo\/ -->\n<title>9. AGK- Tagung 27.-28.09.2018 Bochum - AG Kasuistik<\/title>\n<meta name=\"robots\" content=\"index, follow, max-snippet:-1, max-image-preview:large, max-video-preview:-1\" \/>\n<link rel=\"canonical\" href=\"https:\/\/www.ag-kasuistik.de\/?page_id=781\" \/>\n<meta property=\"og:locale\" content=\"de_DE\" \/>\n<meta property=\"og:type\" content=\"article\" \/>\n<meta property=\"og:title\" content=\"9. AGK- Tagung 27.-28.09.2018 Bochum - AG Kasuistik\" \/>\n<meta property=\"og:description\" content=\"Die 9. Tagung der Arbeitsgemeinschaft Kasuistik in der Lehrer_innenbildung\u00a0findet vom 27.-28.09.2018\u00a0an der Ruhr-Universit\u00e4t Bochum statt. Schule als Fall \u2212 Rekonstruktionen schulischer Wirklichkeit In den vergangenen Jahren gewannen kasuistische Zug\u00e4nge insbesondere auch im Feld der Lehrer_innenbildung an Bedeutung (Pieper 2014, Hebenstreit et al. 2016). Im Zentrum der konzeptionellen, methodologischen und j\u00fcngst auch zunehmend empirischen Auseinandersetzung mit [&hellip;]\" \/>\n<meta property=\"og:url\" content=\"https:\/\/www.ag-kasuistik.de\/?page_id=781\" \/>\n<meta property=\"og:site_name\" content=\"AG Kasuistik\" \/>\n<meta property=\"article:modified_time\" content=\"2024-04-12T15:13:03+00:00\" \/>\n<meta name=\"twitter:card\" content=\"summary_large_image\" \/>\n<meta name=\"twitter:label1\" content=\"Gesch\u00e4tzte Lesezeit\" \/>\n\t<meta name=\"twitter:data1\" content=\"4\u00a0Minuten\" \/>\n<script type=\"application\/ld+json\" class=\"yoast-schema-graph\">{\"@context\":\"https:\/\/schema.org\",\"@graph\":[{\"@type\":\"WebPage\",\"@id\":\"https:\/\/www.ag-kasuistik.de\/?page_id=781\",\"url\":\"https:\/\/www.ag-kasuistik.de\/?page_id=781\",\"name\":\"9. AGK- Tagung 27.-28.09.2018 Bochum - AG Kasuistik\",\"isPartOf\":{\"@id\":\"https:\/\/www.ag-kasuistik.de\/#website\"},\"datePublished\":\"2018-05-04T11:30:51+00:00\",\"dateModified\":\"2024-04-12T15:13:03+00:00\",\"breadcrumb\":{\"@id\":\"https:\/\/www.ag-kasuistik.de\/?page_id=781#breadcrumb\"},\"inLanguage\":\"de\",\"potentialAction\":[{\"@type\":\"ReadAction\",\"target\":[\"https:\/\/www.ag-kasuistik.de\/?page_id=781\"]}]},{\"@type\":\"BreadcrumbList\",\"@id\":\"https:\/\/www.ag-kasuistik.de\/?page_id=781#breadcrumb\",\"itemListElement\":[{\"@type\":\"ListItem\",\"position\":1,\"name\":\"Home\",\"item\":\"https:\/\/www.ag-kasuistik.de\/\"},{\"@type\":\"ListItem\",\"position\":2,\"name\":\"9. AGK- Tagung 27.-28.09.2018 Bochum\"}]},{\"@type\":\"WebSite\",\"@id\":\"https:\/\/www.ag-kasuistik.de\/#website\",\"url\":\"https:\/\/www.ag-kasuistik.de\/\",\"name\":\"AG Kasuistik\",\"description\":\"Arbeitsgemeinschaft Kasuistik in der Lehrer_innenbildung\",\"potentialAction\":[{\"@type\":\"SearchAction\",\"target\":{\"@type\":\"EntryPoint\",\"urlTemplate\":\"https:\/\/www.ag-kasuistik.de\/?s={search_term_string}\"},\"query-input\":\"required name=search_term_string\"}],\"inLanguage\":\"de\"}]}<\/script>\n<!-- \/ Yoast SEO plugin. -->","yoast_head_json":{"title":"9. AGK- Tagung 27.-28.09.2018 Bochum - AG Kasuistik","robots":{"index":"index","follow":"follow","max-snippet":"max-snippet:-1","max-image-preview":"max-image-preview:large","max-video-preview":"max-video-preview:-1"},"canonical":"https:\/\/www.ag-kasuistik.de\/?page_id=781","og_locale":"de_DE","og_type":"article","og_title":"9. AGK- Tagung 27.-28.09.2018 Bochum - AG Kasuistik","og_description":"Die 9. Tagung der Arbeitsgemeinschaft Kasuistik in der Lehrer_innenbildung\u00a0findet vom 27.-28.09.2018\u00a0an der Ruhr-Universit\u00e4t Bochum statt. Schule als Fall \u2212 Rekonstruktionen schulischer Wirklichkeit In den vergangenen Jahren gewannen kasuistische Zug\u00e4nge insbesondere auch im Feld der Lehrer_innenbildung an Bedeutung (Pieper 2014, Hebenstreit et al. 2016). Im Zentrum der konzeptionellen, methodologischen und j\u00fcngst auch zunehmend empirischen Auseinandersetzung mit [&hellip;]","og_url":"https:\/\/www.ag-kasuistik.de\/?page_id=781","og_site_name":"AG Kasuistik","article_modified_time":"2024-04-12T15:13:03+00:00","twitter_card":"summary_large_image","twitter_misc":{"Gesch\u00e4tzte Lesezeit":"4\u00a0Minuten"},"schema":{"@context":"https:\/\/schema.org","@graph":[{"@type":"WebPage","@id":"https:\/\/www.ag-kasuistik.de\/?page_id=781","url":"https:\/\/www.ag-kasuistik.de\/?page_id=781","name":"9. AGK- Tagung 27.-28.09.2018 Bochum - AG Kasuistik","isPartOf":{"@id":"https:\/\/www.ag-kasuistik.de\/#website"},"datePublished":"2018-05-04T11:30:51+00:00","dateModified":"2024-04-12T15:13:03+00:00","breadcrumb":{"@id":"https:\/\/www.ag-kasuistik.de\/?page_id=781#breadcrumb"},"inLanguage":"de","potentialAction":[{"@type":"ReadAction","target":["https:\/\/www.ag-kasuistik.de\/?page_id=781"]}]},{"@type":"BreadcrumbList","@id":"https:\/\/www.ag-kasuistik.de\/?page_id=781#breadcrumb","itemListElement":[{"@type":"ListItem","position":1,"name":"Home","item":"https:\/\/www.ag-kasuistik.de\/"},{"@type":"ListItem","position":2,"name":"9. AGK- Tagung 27.-28.09.2018 Bochum"}]},{"@type":"WebSite","@id":"https:\/\/www.ag-kasuistik.de\/#website","url":"https:\/\/www.ag-kasuistik.de\/","name":"AG Kasuistik","description":"Arbeitsgemeinschaft Kasuistik in der Lehrer_innenbildung","potentialAction":[{"@type":"SearchAction","target":{"@type":"EntryPoint","urlTemplate":"https:\/\/www.ag-kasuistik.de\/?s={search_term_string}"},"query-input":"required name=search_term_string"}],"inLanguage":"de"}]}},"_links":{"self":[{"href":"https:\/\/www.ag-kasuistik.de\/index.php?rest_route=\/wp\/v2\/pages\/781"}],"collection":[{"href":"https:\/\/www.ag-kasuistik.de\/index.php?rest_route=\/wp\/v2\/pages"}],"about":[{"href":"https:\/\/www.ag-kasuistik.de\/index.php?rest_route=\/wp\/v2\/types\/page"}],"author":[{"embeddable":true,"href":"https:\/\/www.ag-kasuistik.de\/index.php?rest_route=\/wp\/v2\/users\/4"}],"replies":[{"embeddable":true,"href":"https:\/\/www.ag-kasuistik.de\/index.php?rest_route=%2Fwp%2Fv2%2Fcomments&post=781"}],"version-history":[{"count":11,"href":"https:\/\/www.ag-kasuistik.de\/index.php?rest_route=\/wp\/v2\/pages\/781\/revisions"}],"predecessor-version":[{"id":1370,"href":"https:\/\/www.ag-kasuistik.de\/index.php?rest_route=\/wp\/v2\/pages\/781\/revisions\/1370"}],"wp:attachment":[{"href":"https:\/\/www.ag-kasuistik.de\/index.php?rest_route=%2Fwp%2Fv2%2Fmedia&parent=781"}],"curies":[{"name":"wp","href":"https:\/\/api.w.org\/{rel}","templated":true}]}}